{"id":60,"date":"2019-03-12T00:38:36","date_gmt":"2019-03-11T23:38:36","guid":{"rendered":"http:\/\/cavigalski.com\/?page_id=60"},"modified":"2026-02-15T15:11:17","modified_gmt":"2026-02-15T14:11:17","slug":"programme-2019","status":"publish","type":"page","link":"http:\/\/cavigalski.com\/?page_id=60","title":{"rendered":"Programme de la saison"},"content":{"rendered":"\n<p><\/p>\n\n\n\n<h1 class=\"wp-block-heading has-text-align-left\"><strong>Saison 2026 du CAVIGAL<\/strong><\/h1>\n\n\n\n<div data-wp-interactive=\"\" class=\"wp-block-file\"><object data-wp-bind--hidden=\"!selectors.core.file.hasPdfPreview\" hidden class=\"wp-block-file__embed\" data=\"https:\/\/cavigalski.com\/wp-content\/uploads\/2025\/12\/Programme-saison-2026.pdf\" type=\"application\/pdf\" style=\"width:100%;height:600px\" aria-label=\"Contenu embarqu\u00e9 Programme-saison-2026.\"><\/object><a id=\"wp-block-file--media-56f67fb6-e8a1-4886-9abd-6d6f4d2d4811\" href=\"https:\/\/cavigalski.com\/wp-content\/uploads\/2025\/12\/Programme-saison-2026.pdf\">Programme-saison-2026<\/a><a href=\"https:\/\/cavigalski.com\/wp-content\/uploads\/2025\/12\/Programme-saison-2026.pdf\" class=\"wp-block-file__button wp-element-button\" download aria-describedby=\"wp-block-file--media-56f67fb6-e8a1-4886-9abd-6d6f4d2d4811\">T\u00e9l\u00e9charger<\/a><\/div>\n\n\n\n<p class=\"has-text-color has-medium-font-size\" style=\"color:#ff0000\"><strong>Si la situation sanitaire devait l&rsquo;exiger \u00e0 nouveau, le CAVIGAL s&rsquo;engage \u00e0 respecter le plan sanitaire indiqu\u00e9 par la F\u00e9d\u00e9ration Fran\u00e7aise de Ski<\/strong>.<\/p>\n\n\n\n<div class=\"wp-block-file\"><a id=\"wp-block-file--media-7cc675e2-8ae9-48f6-9577-ab75826d019d\" href=\"http:\/\/cavigalski.com\/wp-content\/uploads\/2020\/09\/Protocole-sanitaire-FFS.pdf\">Protocole sanitaire FFS<\/a><a href=\"http:\/\/cavigalski.com\/wp-content\/uploads\/2020\/09\/Protocole-sanitaire-FFS.pdf\" class=\"wp-block-file__button wp-element-button\" download aria-describedby=\"wp-block-file--media-7cc675e2-8ae9-48f6-9577-ab75826d019d\">T\u00e9l\u00e9charger<\/a><\/div>\n\n\n\n<h2 class=\"wp-block-heading\"><strong>Mercredis et samedis<\/strong><\/h2>\n\n\n\n<p class=\"has-text-color\" style=\"color:#ff0000\"><strong>Le CAVIGAL vous propose pour l&rsquo;ann\u00e9e 2026 des sorties de ski pour enfants et adultes tous les mercredis et samedis, hors vacances scolaires, sur la station d&rsquo;Isola 2000. <\/strong><br><strong><br>Prix de la sortie : <\/strong><\/p>\n\n\n\n<p class=\"has-text-align-center has-very-light-gray-color has-text-color has-background has-medium-font-size\" style=\"background-color:#ff0000\"><strong>60,00 \u20ac pour les enfants<\/strong><\/p>\n\n\n\n<p class=\"has-text-align-center has-very-light-gray-color has-text-color has-background has-medium-font-size\" style=\"background-color:#ff0000\"><strong>65,00 \u20ac pour les adultes<\/strong><\/p>\n\n\n\n<p class=\"has-text-color\" style=\"color:#ff0000\"><strong>Tout inclus : Transport, forfait, encadrement, et le d\u00e9jeuner au restaurant. <\/strong><br><br><br><br><\/p>\n\n\n\n<h2 class=\"wp-block-heading\"><strong>Pendant les vacances de f\u00e9vrier : <\/strong> <\/h2>\n\n\n\n<h3 class=\"wp-block-heading has-text-align-left has-text-color\" style=\"color:#0071a1\"><strong>Stage \u00e0 CAVALESE dans les DOLOMITES<\/strong><\/h3>\n\n\n\n<h3 class=\"wp-block-heading has-text-align-left has-text-color\" style=\"color:#ff0000\">* Stage 1 : Non possible cette ann\u00e9e du fait des JO en Italie, avec 2 sites olympiques proches de notre h\u00f4tel (notre h\u00f4tel est occup\u00e9 par des coureurs de l\u2019\u00e9quipe italienne)<strong><br>* <\/strong>Stage 2<strong> : Du lundi 23 f\u00e9vrier au dimanche 1er mars 2026 (7 jours\/6 nuits\/5 jours de ski)<br><br>En Italie \u00e0 Calavese (Val di Fiemme, Dolomites), avec 500km de pistes disponibles.<br><br>Tarifs :<\/strong><\/h3>\n\n\n\n<figure class=\"wp-block-table\"><table><tbody><tr><td><strong><\/strong>&nbsp;<\/td><td><strong>&nbsp;TARIFS STAGE 1<\/strong>&nbsp;<\/td><td><strong>TARIFS STAGE 2<\/strong>&nbsp;<\/td><\/tr><tr><td>A partir de 13 ans&nbsp;<\/td><td>\u20ac&nbsp;<\/td><td>1040 \u20ac&nbsp;<\/td><\/tr><tr><td>De 8 \u00e0 12ans&nbsp;<\/td><td>\u20ac&nbsp;<\/td><td>990 \u20ac&nbsp;<\/td><\/tr><tr><td>De 5 \u00e0 7ans&nbsp;<\/td><td>\u20ac&nbsp;<\/td><td>840 \u20ac&nbsp;<\/td><\/tr><tr><td>Moins de 5 ans&nbsp;<\/td><td>Gratuit&nbsp;<\/td><td>Gratuit&nbsp;<\/td><\/tr><tr><td>Non skieurs&nbsp;<\/td><td>\u20ac&nbsp;<\/td><td>840 \u20ac&nbsp;<\/td><\/tr><\/tbody><\/table><\/figure>\n\n\n\n<p><strong><br><br>Pour les modalit\u00e9s, se reporter \u00e0 la page \u00ab\u00a0STAGE FEVRIER\u00a0\u00bb<\/strong><br><br><br><\/p>\n\n\n\n<h2 class=\"wp-block-heading\"><strong>Hors vacances de f\u00e9vrier<\/strong><\/h2>\n\n\n\n<h3 class=\"wp-block-heading has-text-align-left has-text-color\" style=\"color:#ff0000\">(Stages pour adultes bons skieurs)<\/h3>\n\n\n\n<h3 class=\"wp-block-heading has-text-color\" style=\"color:#006692\">  * <strong>Stage \u00e0<\/strong> BORMIO<\/h3>\n\n\n\n<h3 class=\"wp-block-heading has-text-color\" style=\"color:#ff0000\"><strong>H\u00f4tel 4 \u00e9toiles dans le centre de la station<\/strong> <strong>(salle de sport\/sauna\/hammam)<\/strong><\/h3>\n\n\n\n<h3 class=\"wp-block-heading has-text-color\" style=\"color:#ff0000\"><strong>Du lundi 8 d\u00e9cembre au samedi 13 d\u00e9cembre 2025.<br><\/strong> <\/h3>\n\n\n\n<h3 class=\"wp-block-heading has-text-color\" style=\"color:#ff0000\"> <strong>Demi-pension<\/strong><\/h3>\n\n\n\n<h3 class=\"wp-block-heading has-text-color\" style=\"color:#ff0000\"> <strong>Tarif :  890 \u20ac<\/strong><\/h3>\n\n\n\n<h3 class=\"wp-block-heading has-text-color\" style=\"color:#ff0000\"> <strong>Stage 6 jours\/5 nuits\/4 jours de ski<\/strong> <\/h3>\n\n\n\n<p><\/p>\n","protected":false},"excerpt":{"rendered":"<p>Saison 2026 du CAVIGAL Si la situation sanitaire devait l&rsquo;exiger \u00e0 nouveau, le CAVIGAL s&rsquo;engage \u00e0 respecter le plan sanitaire indiqu\u00e9 par la F\u00e9d\u00e9ration Fran\u00e7aise de Ski. Mercredis et samedis Le CAVIGAL vous propose pour l&rsquo;ann\u00e9e 2026 des sorties de ski pour enfants et adultes tous les mercredis et samedis,<a href=\"http:\/\/cavigalski.com\/?page_id=60\" class=\"read-more\">Read More<\/a><\/p>\n","protected":false},"author":1,"featured_media":0,"parent":0,"menu_order":0,"comment_status":"closed","ping_status":"closed","template":"","meta":{"footnotes":""},"_links":{"self":[{"href":"http:\/\/cavigalski.com\/index.php?rest_route=\/wp\/v2\/pages\/60"}],"collection":[{"href":"http:\/\/cavigalski.com\/index.php?rest_route=\/wp\/v2\/pages"}],"about":[{"href":"http:\/\/cavigalski.com\/index.php?rest_route=\/wp\/v2\/types\/page"}],"author":[{"embeddable":true,"href":"http:\/\/cavigalski.com\/index.php?rest_route=\/wp\/v2\/users\/1"}],"replies":[{"embeddable":true,"href":"http:\/\/cavigalski.com\/index.php?rest_route=%2Fwp%2Fv2%2Fcomments&post=60"}],"version-history":[{"count":81,"href":"http:\/\/cavigalski.com\/index.php?rest_route=\/wp\/v2\/pages\/60\/revisions"}],"predecessor-version":[{"id":2242,"href":"http:\/\/cavigalski.com\/index.php?rest_route=\/wp\/v2\/pages\/60\/revisions\/2242"}],"wp:attachment":[{"href":"http:\/\/cavigalski.com\/index.php?rest_route=%2Fwp%2Fv2%2Fmedia&parent=60"}],"curies":[{"name":"wp","href":"https:\/\/api.w.org\/{rel}","templated":true}]}}